{"id":172,"date":"2013-03-21T16:34:39","date_gmt":"2013-03-21T16:34:39","guid":{"rendered":"http:\/\/www.zszubri.cz\/?page_id=172"},"modified":"2025-08-31T19:31:03","modified_gmt":"2025-08-31T17:31:03","slug":"svp","status":"publish","type":"page","link":"https:\/\/www.zszubri.cz\/?page_id=172","title":{"rendered":"\u0160VP"},"content":{"rendered":"<h2>Aktu\u00e1ln\u00ed verze \u0160VP pro Z\u0160 Zub\u0159\u00ed v dan\u00e9m \u0161koln\u00edm roce zde :<\/h2>\n<ul>\n<li><strong>\u0160VP platn\u00fd a \u00fa\u010dinn\u00fd pro 1. &#8211; 9. ro\u010dn\u00edk Z\u0160 pro \u0161k. rok 2025\/2026<br><\/strong><strong><a href=\"https:\/\/www.zszubri.cz\/?attachment_id=23633\" rel=\"attachment wp-att-23633\">\u0160VP 2025-26<\/a><\/strong><\/li>\n<\/ul>\n<p>&nbsp;<\/p>\n<h3>Archivn\u00ed verze \u0160VP pro Z\u0160 Zub\u0159\u00ed v uplynul\u00fdch \u0161koln\u00edm roc\u00edch:<\/h3>\n<hr>\n<ul>\n<li><a title=\"\u00daVODN\u00cd AKTUALITA 2\" href=\"http:\/\/www.zszubri.cz\/wp-content\/uploads\/2013\/documents\/svp\/svp_zszubri_2007_08.pdf \"> \u0160VP platn\u00fd a \u00fa\u010dinn\u00fd pro 1. a 6 .ro\u010dn\u00edk Z\u0160 pro \u0161k. rok 2007\/2008 <\/a><\/li>\n<li><a title=\"\u00daVODN\u00cd AKTUALITA 2\" href=\"http:\/\/www.zszubri.cz\/wp-content\/uploads\/2013\/documents\/svp\/svp_verze4_zari08_09_def.pdf \">\u0160VP platn\u00fd a \u00fa\u010dinn\u00fd pro 1. a 6 .ro\u010dn\u00edk Z\u0160 pro \u0161k. rok 2008\/2009 <\/a><\/li>\n<li><a title=\"\u00daVODN\u00cd AKTUALITA 2\" href=\"http:\/\/www.zszubri.cz\/wp-content\/uploads\/2013\/documents\/svp\/svp_zszubri-09_10_def.pdf \"> \u0160VP platn\u00fd a \u00fa\u010dinn\u00fd pro 1. a 6 .ro\u010dn\u00edk Z\u0160 pro \u0161k. rok 2009\/2010 <\/a><\/li>\n<li><a href=\"http:\/\/www.zszubri.cz\/wp-content\/uploads\/2013\/documents\/svp\/svp_zszubri-10_11_def.pdf \"> \u0160VP platn\u00fd a \u00fa\u010dinn\u00fd pro 1. a 6 .ro\u010dn\u00edk Z\u0160 pro \u0161k. rok 2010\/2011 <\/a><\/li>\n<li><a href=\"http:\/\/www.zszubri.cz\/wp-content\/uploads\/2013\/documents\/svp_zszubri_ZSZUBRI_2011_2012.pdf \"> \u0160VP platn\u00fd a \u00fa\u010dinn\u00fd pro 1. a 6 .ro\u010dn\u00edk Z\u0160 pro \u0161k. rok 2011\/2012 <\/a><\/li>\n<li><a href=\"http:\/\/www.zszubri.cz\/wp-content\/uploads\/2013\/documents\/svp\/svp_zszubri_ZSZUBRI_2012_2013.pdf \"> \u0160VP platn\u00fd a \u00fa\u010dinn\u00fd pro 1. a 6 .ro\u010dn\u00edk Z\u0160 pro \u0161k. rok 2012\/2013 <\/a><\/li>\n<\/ul>\n<hr>\n<ul>\n<li>\u0160VP platn\u00fd a \u00fa\u010dinn\u00fd pro 1. &#8211; 7. ro\u010dn\u00edk Z\u0160 pro \u0161k. rok 2013\/2014 &#8211; <a href=\"http:\/\/www.zszubri.cz\/wp-content\/uploads\/2013\/03\/\u0160VP-U\u010d\u00edme-se-pro-\u017eivot-\u010d.j.-Z\u0160-Zu-234-2013.pdf\">\u0160VP &#8211; U\u010d\u00edme se pro \u017eivot \u010d.j. Z\u0160 &#8211; Zu-234-2013<\/a><\/li>\n<li>\u0160VP platn\u00fd a \u00fa\u010dinn\u00fd pro&nbsp; 8. ro\u010dn\u00edk Z\u0160 pro \u0161k. rok 2013\/2014 &#8211; <a href=\"http:\/\/www.zszubri.cz\/wp-content\/uploads\/2013\/03\/\u0160VP-U\u010d\u00edme-se-pro-\u017eivot-\u010d.j.-Z\u0160-218-2007.pdf\">\u0160VP &#8211; U\u010d\u00edme se pro \u017eivot \u010d.j. Z\u0160 218-2007<\/a>&nbsp;&nbsp; a dodatek k tomuto \u0160VP &#8211; <a href=\"http:\/\/www.zszubri.cz\/wp-content\/uploads\/2013\/03\/Dodatek-k-\u0160VP-ZV-\u010d.1-\u010d.j.-Z\u0160-Zu-239-2013.pdf\">Dodatek k \u0160VP ZV \u010d.1 \u010d.j. Z\u0160 &#8211; Zu-239-2013<\/a><\/li>\n<\/ul>\n<ul>\n<li>\u0160VP platn\u00fd a \u00fa\u010dinn\u00fd pro 9 . ro\u010dn\u00edk Z\u0160 pro \u0161k. rok 2013\/2014 &#8211; <a href=\"http:\/\/www.zszubri.cz\/wp-content\/uploads\/2013\/03\/\u0160VP-U\u010d\u00edme-se-pro-\u017eivot-\u010d.j.-Z\u0160-218-2007.pdf\">\u0160VP &#8211; U\u010d\u00edme se pro \u017eivot \u010d.j. Z\u0160 218-2007<\/a><\/li>\n<\/ul>\n<hr>\n<ul>\n<li>&nbsp;\u0160VP platn\u00fd a \u00fa\u010dinn\u00fd pro 1. &#8211; 8. ro\u010dn\u00edk Z\u0160 pro \u0161k. rok 2014\/2015 &#8211; \u0160VP &#8211; <a href=\"http:\/\/www.zszubri.cz\/wp-content\/uploads\/2013\/documents\/svp\/SVP_2014_15_def_\u010d.j. Z\u0160-Zu_404_2014.pdf\" target=\"_blank\" rel=\"noopener noreferrer\">U\u010d\u00edme se pro \u017eivot \u010d.j. Z\u0160 &#8211; Zu-404-2014<\/a><\/li>\n<\/ul>\n<ul>\n<li>\u0160VP platn\u00fd a \u00fa\u010dinn\u00fd pro&nbsp; 9. ro\u010dn\u00edk Z\u0160 pro \u0161k. rok 2014\/2015 &#8211; <a href=\"http:\/\/www.zszubri.cz\/wp-content\/uploads\/2013\/03\/\u0160VP-U\u010d\u00edme-se-pro-\u017eivot-\u010d.j.-Z\u0160-218-2007.pdf\">\u0160VP &#8211; U\u010d\u00edme se pro \u017eivot \u010d.j. Z\u0160 218-2007<\/a>&nbsp;&nbsp; a dodatek k tomuto \u0160VP &#8211; <a href=\"http:\/\/www.zszubri.cz\/wp-content\/uploads\/2013\/03\/Dodatek-k-\u0160VP-ZV-\u010d.1-\u010d.j.-Z\u0160-Zu-239-2013.pdf\">Dodatek k \u0160VP ZV \u010d.1 \u010d.j. Z\u0160 &#8211; Zu-239-2013<\/a><\/li>\n<\/ul>\n<hr>\n<ul>\n<li>\u0160VP platn\u00fd a \u00fa\u010dinn\u00fd pro 1. &#8211; 9. ro\u010dn\u00edk Z\u0160 pro \u0161k. rok 2015\/2016 &#8211; \u0160VP &#8211; <a href=\"http:\/\/www.zszubri.cz\/wp-content\/uploads\/2013\/03\/SVP-Ucime-se-pro-zivot-c.j.-ZS-Zu-404-2014_def_ver.pdf\">SVP &#8211; U\u010d\u00edme se pro \u017eivot \u010d.j. Z\u0160 &#8211; Zu-404-2014<\/a><\/li>\n<\/ul>\n<hr>\n<ul>\n<li>\u0160VP platn\u00fd a \u00fa\u010dinn\u00fd pro 1. &#8211; 9. ro\u010dn\u00edk Z\u0160 pro \u0161k. rok 2016\/2017 &#8211; \u0160VP &#8211; <a href=\"http:\/\/www.zszubri.cz\/wp-content\/uploads\/2013\/03\/\u0161vp-verze-2016-2017_def_v0.pdf\" rel=\"\">\u0160VP &#8211; U\u010d\u00edme se pro \u017eivot \u010d.j.<\/a> Z\u0160_Zu-454-2016<\/li>\n<\/ul>\n<hr>\n<ul>\n<li>\u0160VP platn\u00fd a \u00fa\u010dinn\u00fd pro 1. &#8211; 9. ro\u010dn\u00edk Z\u0160 pro \u0161k. rok 2017\/2018 &#8211; <a href=\"http:\/\/www.zszubri.cz\/wp-content\/uploads\/2013\/03\/\u0160VP-U\u010d\u00edme-se-pro-\u017eivot-\u010d.j.-Z\u0160_Zu-454-2016_verze-pro-2017_2018.doc\">\u0160VP &#8211; U\u010d\u00edme se pro \u017eivot \u010d.j. Z\u0160_Zu-454-2016_verze pro 2017_2018<\/a><\/li>\n<\/ul>\n<hr>\n<ul>\n<li>\u0160VP platn\u00fd a \u00fa\u010dinn\u00fd pro 1. &#8211; 9. ro\u010dn\u00edk Z\u0160 pro \u0161k. rok 2018\/2019 &#8211; <a href=\"http:\/\/www.zszubri.cz\/wp-content\/uploads\/2018\/11\/SVP-2017-2018-OPRAVA-PRO-2018-19.pdf\">\u0160VP-U\u010d\u00edme-se-pro-\u017eivot-\u010d.j.-Z\u0160_Zu-454-2016_verze-pro-2018_2019, <\/a>k tomuto \u0160VP dodatek <a href=\"http:\/\/www.zszubri.cz\/wp-content\/uploads\/2018\/11\/DODATEK-K-SVP-ZV-c.pdf\">DODATEK K \u0160VP 2018\/19<\/a><\/li>\n<\/ul>\n<hr>\n<ul>\n<li>\u0160VP platn\u00fd a \u00fa\u010dinn\u00fd pro 1. &#8211; 9. ro\u010dn\u00edk Z\u0160 pro \u0161k. rok 2019\/2020 &#8211;&nbsp;<a href=\"http:\/\/www.zszubri.cz\/wp-content\/uploads\/2018\/11\/SVP-2017-2018-OPRAVA-PRO-2018-19.pdf\">\u0160VP-U\u010d\u00edme-se-pro-\u017eivot-\u010d.j.-Z\u0160_Zu-454-2016_verze-pro-2019_2020<\/a> k tomuto \u0160VP dodatek&nbsp;&nbsp; <a href=\"http:\/\/www.zszubri.cz\/wp-content\/uploads\/2019\/08\/DODATEK-\u010d-3.pdf\">DODATEK \u010d 3<\/a><\/li>\n<\/ul>\n<hr>\n<ul>\n<li>\u0160VP platn\u00fd a \u00fa\u010dinn\u00fd pro 1. &#8211; 9. ro\u010dn\u00edk Z\u0160 pro \u0161k. rok 2020\/2021&nbsp;<a href=\"http:\/\/www.zszubri.cz\/wp-content\/uploads\/2020\/08\/\u0161vp-2020-NEJNOV\u011aJ\u0160\u00cd.pdf\">\u0160VP<\/a><strong><a href=\"http:\/\/www.zszubri.cz\/wp-content\/uploads\/2020\/08\/\u0161vp-2020-NEJNOV\u011aJ\u0160\u00cd.pdf\"> 2020-21 <\/a><br><\/strong><\/li>\n<\/ul>\n<hr>\n<ul>\n<li>\u0160VP platn\u00fd a \u00fa\u010dinn\u00fd pro 1. &#8211; 9. ro\u010dn\u00edk Z\u0160 pro \u0161k. rok 2021\/2022 <a href=\"http:\/\/www.zszubri.cz\/wp-content\/uploads\/2020\/08\/\u0161vp-2020-NEJNOV\u011aJ\u0160\u00cd.pdf\">\u0160VP<\/a><strong><a href=\"http:\/\/www.zszubri.cz\/wp-content\/uploads\/2020\/08\/\u0161vp-2020-NEJNOV\u011aJ\u0160\u00cd.pdf\"> 2021-22 <\/a><\/strong><\/li>\n<\/ul>\n<hr>\n<ul>\n<li>\u0160VP platn\u00fd a \u00fa\u010dinn\u00fd pro 1. &#8211; 9. ro\u010dn\u00edk Z\u0160 pro \u0161k. rok 2022\/2023&nbsp;\n<ul>\n<li><a href=\"http:\/\/www.zszubri.cz\/wp-content\/uploads\/2020\/08\/\u0161vp-2020-NEJNOV\u011aJ\u0160\u00cd.pdf\">\u0160VP<\/a><strong><a href=\"http:\/\/www.zszubri.cz\/wp-content\/uploads\/2020\/08\/\u0161vp-2020-NEJNOV\u011aJ\u0160\u00cd.pdf\"> 2022-23<\/a><\/strong><\/li>\n<li><a href=\"http:\/\/www.zszubri.cz\/wp-content\/uploads\/2022\/08\/DODATEK_K_SVP_ZV_c.1_2022-1.pdf\">DODATEK_K_\u0160VP_ZV_\u010d.1_2022<\/a><\/li>\n<\/ul>\n<\/li>\n<\/ul>\n<hr>\n<ul>\n<li><strong>\u0160VP platn\u00fd a \u00fa\u010dinn\u00fd pro 1. &#8211; 9. ro\u010dn\u00edk Z\u0160 pro \u0161k. rok 2023\/2024<br><\/strong>\n<ul>\n<li><strong><a href=\"https:\/\/www.zszubri.cz\/?attachment_id=21231\" rel=\"attachment wp-att-21231\">\u0160VP 2023-24<\/a><\/strong><\/li>\n<\/ul>\n<\/li>\n<\/ul>\n<p>\u0158editel Z\u0160 Zub\u0159\u00ed ustanovil koordin\u00e1torkou \u0160VP Mgr. \u0160\u00e1rku Kocurkovou.<\/p>\n\n\n<hr class=\"wp-block-separator has-alpha-channel-opacity\"\/>\n\n\n<ul>\n<li><strong>\u0160VP platn\u00fd a \u00fa\u010dinn\u00fd pro 1. &#8211; 9. ro\u010dn\u00edk Z\u0160 pro \u0161k. rok 2024\/2025<\/strong>\n<ul>\n<li><strong><a href=\"https:\/\/www.zszubri.cz\/?attachment_id=22528\" rel=\"attachment wp-att-22528\">\u0160VP-2024-25<\/a><\/strong><\/li>\n<\/ul>\n<\/li>\n<\/ul>\n<p>&nbsp;<\/p>\n<p>&nbsp;<\/p>\n<p>&nbsp;<\/p>\n<p>&nbsp;<\/p>\n<p>&nbsp;<\/p>\n<p>&nbsp;<\/p>\n<p>&nbsp;<\/p>\n<p>_<\/p>","protected":false},"excerpt":{"rendered":"<p>Aktu\u00e1ln\u00ed verze \u0160VP pro Z\u0160 Zub\u0159\u00ed v dan\u00e9m \u0161koln\u00edm roce zde : \u0160VP platn\u00fd a \u00fa\u010dinn\u00fd pro 1. &#8211; 9. ro\u010dn\u00edk Z\u0160 pro \u0161k. rok 2025\/2026\u0160VP 2025-26 &nbsp; Archivn\u00ed verze \u0160VP pro Z\u0160 Zub\u0159\u00ed v uplynul\u00fdch \u0161koln\u00edm roc\u00edch: \u0160VP platn\u00fd a \u00fa\u010dinn\u00fd pro 1. a 6 .ro\u010dn\u00edk Z\u0160 pro \u0161k. rok 2007\/2008 \u0160VP platn\u00fd a \u00fa\u010dinn\u00fd pro 1. a 6 .ro\u010dn\u00edk Z\u0160 pro \u0161k. rok 2008\/2009 \u0160VP platn\u00fd a \u00fa\u010dinn\u00fd pro 1. a 6 .ro\u010dn\u00edk Z\u0160 pro \u0161k. rok 2009\/2010 \u0160VP platn\u00fd a \u00fa\u010dinn\u00fd pro 1. a 6 .ro\u010dn\u00edk Z\u0160 pro \u0161k. rok 2010\/2011 \u0160VP platn\u00fd a \u00fa\u010dinn\u00fd pro 1. a 6 .ro\u010dn\u00edk Z\u0160 pro \u0161k. rok 2011\/2012 \u0160VP platn\u00fd a \u00fa\u010dinn\u00fd pro 1. a 6 .ro\u010dn\u00edk Z\u0160 pro \u0161k. rok 2012\/2013 \u0160VP platn\u00fd a \u00fa\u010dinn\u00fd pro 1. &#8211; 7. ro\u010dn\u00edk Z\u0160 pro \u0161k. rok 2013\/2014 &#8211; \u0160VP &#8211; U\u010d\u00edme se pro \u017eivot \u010d.j. Z\u0160 &#8211; Zu-234-2013 \u0160VP platn\u00fd a \u00fa\u010dinn\u00fd pro&nbsp; 8. ro\u010dn\u00edk Z\u0160 pro \u0161k. rok 2013\/2014 &#8211; \u0160VP &#8211; U\u010d\u00edme se pro \u017eivot \u010d.j. Z\u0160 218-2007&nbsp;&nbsp; a dodatek k tomuto \u0160VP &#8211; Dodatek k \u0160VP ZV \u010d.1 \u010d.j. Z\u0160 &#8211; Zu-239-2013 \u0160VP platn\u00fd a \u00fa\u010dinn\u00fd pro 9 . ro\u010dn\u00edk Z\u0160 pro \u0161k. rok 2013\/2014 &#8211; \u0160VP &#8211; U\u010d\u00edme se pro \u017eivot \u010d.j. Z\u0160 218-2007 &nbsp;\u0160VP platn\u00fd a \u00fa\u010dinn\u00fd pro 1. &#8211; 8. ro\u010dn\u00edk Z\u0160 pro \u0161k. rok 2014\/2015 &#8211; \u0160VP &#8211; U\u010d\u00edme se pro \u017eivot \u010d.j. Z\u0160 &#8211; Zu-404-2014 \u0160VP platn\u00fd a \u00fa\u010dinn\u00fd pro&nbsp; 9. ro\u010dn\u00edk Z\u0160 pro \u0161k. rok 2014\/2015 &#8211; \u0160VP &#8211; U\u010d\u00edme se pro \u017eivot \u010d.j. Z\u0160 218-2007&nbsp;&nbsp; a dodatek k tomuto \u0160VP &#8211; Dodatek k \u0160VP ZV \u010d.1 \u010d.j. Z\u0160 &#8211; Zu-239-2013 \u0160VP platn\u00fd a \u00fa\u010dinn\u00fd pro 1. &#8211; 9. ro\u010dn\u00edk Z\u0160 pro \u0161k. rok 2015\/2016 &#8211; \u0160VP &#8211; SVP &#8211; U\u010d\u00edme se pro \u017eivot \u010d.j. Z\u0160 &#8211; Zu-404-2014 \u0160VP platn\u00fd a \u00fa\u010dinn\u00fd pro 1. &#8211; 9. ro\u010dn\u00edk Z\u0160 pro \u0161k. rok 2016\/2017 &#8211; \u0160VP &#8211; \u0160VP &#8211; U\u010d\u00edme se pro \u017eivot \u010d.j. Z\u0160_Zu-454-2016 \u0160VP platn\u00fd a \u00fa\u010dinn\u00fd pro 1. &#8211; 9. ro\u010dn\u00edk Z\u0160 pro \u0161k. rok 2017\/2018 &#8211; \u0160VP &#8211; U\u010d\u00edme se pro \u017eivot \u010d.j. Z\u0160_Zu-454-2016_verze pro 2017_2018 \u0160VP platn\u00fd a \u00fa\u010dinn\u00fd pro 1. &#8211; 9. ro\u010dn\u00edk Z\u0160 pro \u0161k. rok 2018\/2019 &#8211; \u0160VP-U\u010d\u00edme-se-pro-\u017eivot-\u010d.j.-Z\u0160_Zu-454-2016_verze-pro-2018_2019, k tomuto \u0160VP dodatek DODATEK K \u0160VP 2018\/19 \u0160VP platn\u00fd a \u00fa\u010dinn\u00fd pro 1. &#8211; 9. ro\u010dn\u00edk Z\u0160 pro \u0161k. rok 2019\/2020 &#8211;&nbsp;\u0160VP-U\u010d\u00edme-se-pro-\u017eivot-\u010d.j.-Z\u0160_Zu-454-2016_verze-pro-2019_2020 k tomuto \u0160VP dodatek&nbsp;&nbsp; DODATEK \u010d 3 \u0160VP platn\u00fd a \u00fa\u010dinn\u00fd pro 1. &#8211; 9. ro\u010dn\u00edk Z\u0160 pro \u0161k. rok 2020\/2021&nbsp;\u0160VP 2020-21 \u0160VP platn\u00fd a \u00fa\u010dinn\u00fd pro 1. &#8211; 9. ro\u010dn\u00edk Z\u0160 pro \u0161k. rok 2021\/2022 \u0160VP 2021-22 \u0160VP platn\u00fd a \u00fa\u010dinn\u00fd pro 1. &#8211; 9. ro\u010dn\u00edk Z\u0160 pro \u0161k. rok 2022\/2023&nbsp; \u0160VP 2022-23 DODATEK_K_\u0160VP_ZV_\u010d.1_2022 \u0160VP platn\u00fd a \u00fa\u010dinn\u00fd pro 1. &#8211; 9. ro\u010dn\u00edk Z\u0160 pro \u0161k. rok 2023\/2024 \u0160VP 2023-24 \u0158editel Z\u0160 Zub\u0159\u00ed ustanovil koordin\u00e1torkou \u0160VP Mgr. \u0160\u00e1rku Kocurkovou. \u0160VP platn\u00fd a \u00fa\u010dinn\u00fd pro 1. &#8211; 9. ro\u010dn\u00edk Z\u0160 pro \u0161k. rok 2024\/2025 \u0160VP-2024-25 &nbsp; &nbsp; &nbsp; &nbsp; &nbsp; &nbsp; &nbsp; _<\/p>\n","protected":false},"author":1,"featured_media":0,"parent":136,"menu_order":0,"comment_status":"closed","ping_status":"closed","template":"","meta":{"ngg_post_thumbnail":0,"footnotes":""},"acf":[],"_links":{"self":[{"href":"https:\/\/www.zszubri.cz\/index.php?rest_route=\/wp\/v2\/pages\/172"}],"collection":[{"href":"https:\/\/www.zszubri.cz\/index.php?rest_route=\/wp\/v2\/pages"}],"about":[{"href":"https:\/\/www.zszubri.cz\/index.php?rest_route=\/wp\/v2\/types\/page"}],"author":[{"embeddable":true,"href":"https:\/\/www.zszubri.cz\/index.php?rest_route=\/wp\/v2\/users\/1"}],"replies":[{"embeddable":true,"href":"https:\/\/www.zszubri.cz\/index.php?rest_route=%2Fwp%2Fv2%2Fcomments&post=172"}],"version-history":[{"count":42,"href":"https:\/\/www.zszubri.cz\/index.php?rest_route=\/wp\/v2\/pages\/172\/revisions"}],"predecessor-version":[{"id":23634,"href":"https:\/\/www.zszubri.cz\/index.php?rest_route=\/wp\/v2\/pages\/172\/revisions\/23634"}],"up":[{"embeddable":true,"href":"https:\/\/www.zszubri.cz\/index.php?rest_route=\/wp\/v2\/pages\/136"}],"wp:attachment":[{"href":"https:\/\/www.zszubri.cz\/index.php?rest_route=%2Fwp%2Fv2%2Fmedia&parent=172"}],"curies":[{"name":"wp","href":"https:\/\/api.w.org\/{rel}","templated":true}]}}