{"id":18489,"date":"2021-08-08T13:30:36","date_gmt":"2021-08-08T11:30:36","guid":{"rendered":"https:\/\/www.zszubri.cz\/?page_id=18489"},"modified":"2021-11-11T18:13:29","modified_gmt":"2021-11-11T17:13:29","slug":"projekt-sablony-iii","status":"publish","type":"page","link":"https:\/\/www.zszubri.cz\/?page_id=18489","title":{"rendered":"PROJEKT \u0160ABLONY III"},"content":{"rendered":"\n<p><a href=\"http:\/\/www.zszubri.cz\/wp-content\/uploads\/2021\/11\/Logolink_OP_VVV_hor_barva_cz.jpg\"><img decoding=\"async\" loading=\"lazy\" class=\"alignnone size-full wp-image-18934\" src=\"http:\/\/www.zszubri.cz\/wp-content\/uploads\/2021\/11\/Logolink_OP_VVV_hor_barva_cz.jpg\" alt=\"\" width=\"1559\" height=\"346\" srcset=\"https:\/\/www.zszubri.cz\/wp-content\/uploads\/2021\/11\/Logolink_OP_VVV_hor_barva_cz.jpg 1559w, https:\/\/www.zszubri.cz\/wp-content\/uploads\/2021\/11\/Logolink_OP_VVV_hor_barva_cz-300x67.jpg 300w, https:\/\/www.zszubri.cz\/wp-content\/uploads\/2021\/11\/Logolink_OP_VVV_hor_barva_cz-768x170.jpg 768w, https:\/\/www.zszubri.cz\/wp-content\/uploads\/2021\/11\/Logolink_OP_VVV_hor_barva_cz-1024x227.jpg 1024w, https:\/\/www.zszubri.cz\/wp-content\/uploads\/2021\/11\/Logolink_OP_VVV_hor_barva_cz-1536x341.jpg 1536w, https:\/\/www.zszubri.cz\/wp-content\/uploads\/2021\/11\/Logolink_OP_VVV_hor_barva_cz-1140x253.jpg 1140w\" sizes=\"(max-width: 1559px) 100vw, 1559px\" \/><\/a><\/p>\n<p>Informace o realizaci:<\/p>\n<p class=\"x_MsoListParagraph\"><i>Z\u00e1kladn\u00ed \u0161kola Zub\u0159\u00ed, okres Vset\u00edn se zapojila do v\u00fdzvy M\u0160MT, \u0159\u00edd\u00edc\u00edho org\u00e1nu OP VVV (V\u00fdzva \u010d. 02_20_080 \u0160ablony III \u2013 mimo hlavn\u00ed m\u011bsto Praha), a po procesu hodnocen\u00ed a schv\u00e1len\u00ed z\u00edskala \u010d\u00e1stku <b>984 307,00 K\u010d.<\/b><br aria-hidden=\"true\">Projekt m\u00e1 n\u00e1zev <b>\u0160ablony pro zubersk\u00e9 \u0161kolstv\u00ed III<\/b> a registra\u010dn\u00ed \u010d\u00edslo <b>CZ.02.3.X\/0.0\/0.0\/20_080\/0020738<\/b>.<\/i><\/p>\n<p class=\"x_MsoListParagraph\"><i>Realizace za\u010dala 1. 9. 2021 a projekt potrv\u00e1 do 30. 6. 2023.<\/i><\/p>\n<p class=\"x_MsoListParagraph\"><i>C\u00edlem tohoto projektu je zv\u00fd\u0161en\u00ed kvality vzd\u011bl\u00e1v\u00e1n\u00ed a odborn\u00e9 p\u0159\u00edpravy v\u010detn\u011b pos\u00edlen\u00ed jejich relevance pro trh pr\u00e1ce, soci\u00e1ln\u00ed integrace d\u011bt\u00ed a \u017e\u00e1k\u016f a kvalitn\u00ed podm\u00ednky pro inkluz\u00edvn\u00ed vzd\u011bl\u00e1v\u00e1n\u00ed.<\/i><\/p>\n<p class=\"x_MsoListParagraph\"><i>St\u011b\u017eejn\u00ed \u010d\u00e1st finan\u010dn\u00ed podpory, kterou \u0161kola z\u00edskala, bude sm\u011b\u0159ovat na do\u010dasnou person\u00e1ln\u00ed podporu \u2013 \u0161koln\u00edho asistenta a na vyu\u017eit\u00ed ICT ve vzd\u011bl\u00e1v\u00e1n\u00ed v Z\u0160, dal\u0161\u00ed \u010d\u00e1st finan\u010dn\u00ed podpory bude sm\u011b\u0159ovat na dou\u010dov\u00e1n\u00ed, projektov\u00e9 dny, \u0161koln\u00edho kari\u00e9rov\u00e9ho poradce, sd\u00edlen\u00ed zku\u0161enost\u00ed pedagog\u016f a zahrani\u010dn\u00ed st\u00e1\u017e.<\/i><\/p>\n<hr>\n<p>Vzory dokument\u016f ke sta\u017een\u00ed:<\/p>\n<ul>\n<li><a href=\"http:\/\/www.zszubri.cz\/wp-content\/uploads\/2021\/11\/Portfolio_pedagoga.docx\">Portfolio_pedagoga<\/a><\/li>\n<li><a href=\"http:\/\/www.zszubri.cz\/wp-content\/uploads\/2021\/11\/Projektovy_den_mimo_skolu_zaznam.docx\">Projektovy_den_mimo_skolu_zaznam<\/a><\/li>\n<li><a href=\"http:\/\/www.zszubri.cz\/wp-content\/uploads\/2021\/11\/Projektovy_den_ve_vyuce_zaznam.docx\">Projektovy_den_ve_vyuce_zaznam<\/a><\/li>\n<li><a href=\"http:\/\/www.zszubri.cz\/wp-content\/uploads\/2021\/11\/Report_o_cinnosti_personalni_sablony.docx\">Report_o_cinnosti_personalni_sablony<\/a><\/li>\n<li><a href=\"http:\/\/www.zszubri.cz\/wp-content\/uploads\/2021\/11\/Sdileni-zkusenosti.docx\">Sdileni zkusenosti<\/a><\/li>\n<li><a href=\"http:\/\/www.zszubri.cz\/wp-content\/uploads\/2021\/11\/Sdileni_zkusenosti_zapis.docx\">Sdileni_zkusenosti_zapis<\/a><\/li>\n<li><a href=\"http:\/\/www.zszubri.cz\/wp-content\/uploads\/2021\/11\/Tridni-kniha-doucovani.xlsx\">Tridni kniha doucovani<\/a><\/li>\n<li><a href=\"http:\/\/www.zszubri.cz\/wp-content\/uploads\/2021\/11\/Zahranicni-staz.docx\">Zahranicni staz<\/a><\/li>\n<li><a href=\"http:\/\/www.zszubri.cz\/wp-content\/uploads\/2021\/11\/Zahranicni_staz_zprava.docx\">Zahranicni_staz_zprava<\/a><\/li>\n<\/ul>\n<p>&nbsp;<\/p>\n<p>Legislativa: &nbsp; &nbsp;<a href=\"https:\/\/opvvv.msmt.cz\/vyzva\/vyzva-c-02-20-080-sablony-iii-mimo-hlavni-mesto-praha.htm\">M\u0160MT<\/a><\/p>\n<p>&nbsp;<\/p>\n<p>Organizace a dal\u0161\u00ed informace o pr\u016fb\u011bhu:<\/p>\n","protected":false},"excerpt":{"rendered":"","protected":false},"author":1,"featured_media":0,"parent":0,"menu_order":0,"comment_status":"closed","ping_status":"closed","template":"","meta":{"ngg_post_thumbnail":0,"footnotes":""},"acf":[],"_links":{"self":[{"href":"https:\/\/www.zszubri.cz\/index.php?rest_route=\/wp\/v2\/pages\/18489"}],"collection":[{"href":"https:\/\/www.zszubri.cz\/index.php?rest_route=\/wp\/v2\/pages"}],"about":[{"href":"https:\/\/www.zszubri.cz\/index.php?rest_route=\/wp\/v2\/types\/page"}],"author":[{"embeddable":true,"href":"https:\/\/www.zszubri.cz\/index.php?rest_route=\/wp\/v2\/users\/1"}],"replies":[{"embeddable":true,"href":"https:\/\/www.zszubri.cz\/index.php?rest_route=%2Fwp%2Fv2%2Fcomments&post=18489"}],"version-history":[{"count":3,"href":"https:\/\/www.zszubri.cz\/index.php?rest_route=\/wp\/v2\/pages\/18489\/revisions"}],"predecessor-version":[{"id":18935,"href":"https:\/\/www.zszubri.cz\/index.php?rest_route=\/wp\/v2\/pages\/18489\/revisions\/18935"}],"wp:attachment":[{"href":"https:\/\/www.zszubri.cz\/index.php?rest_route=%2Fwp%2Fv2%2Fmedia&parent=18489"}],"curies":[{"name":"wp","href":"https:\/\/api.w.org\/{rel}","templated":true}]}}