{"id":80,"date":"2013-03-21T16:01:38","date_gmt":"2013-03-21T16:01:38","guid":{"rendered":"http:\/\/www.zszubri.cz\/?page_id=80"},"modified":"2021-09-18T11:15:42","modified_gmt":"2021-09-18T09:15:42","slug":"sportovni-tridy","status":"publish","type":"page","link":"https:\/\/www.zszubri.cz\/?page_id=80","title":{"rendered":"SPORTOVN\u00cd T\u0158\u00cdDY"},"content":{"rendered":"<p><strong>H\u00c1ZEN\u00c1<\/strong><\/p>\n<p>V polovin\u011b 90.let byla na\u0161e z\u00e1kladn\u00ed \u0161kola (spolu se Z\u0160 z Ro\u017enova pod Radho\u0161t\u011bm, Vala\u0161sk\u00e9ho Mezi\u0159\u00ed\u010d\u00ed a Vset\u00edna) spoluzakladatelem projektu TALENT H\u00c1ZEN\u00c1, kter\u00fd m\u011bl za c\u00edl roz\u0161\u00ed\u0159it \u010dlenskou z\u00e1kladnu h\u00e1zen\u00e9 na Vala\u0161sku. V\u017edy\u0165 h\u00e1zen\u00e1 v tomto regionu byla a je tradi\u010dn\u011b velmi popul\u00e1rn\u00ed. V letech 1997, 1998 a 2012 se mu\u017estvo HC ZUB\u0158\u00cd stalo dokonce t\u0159ikr\u00e1t mistrem \u010cesk\u00e9 republiky. Av\u0161ak i sportovn\u00ed v\u00fdsledky na\u0161ich mlad\u00fdch \u017e\u00e1k\u016f \u2013 h\u00e1zenk\u00e1\u0159\u016f, reprezentuj\u00edc\u00edch Zub\u0159\u00ed, byly natolik dobr\u00e9, \u017ee \u010cesk\u00fd svaz h\u00e1zen\u00e9 za\u010dlenil na\u0161i Z\u0160 do syst\u00e9mu sportovn\u00edch \u0161kol \u010cR. C\u00edlem sportovn\u00ed v\u00fdchovy a p\u0159\u00edpravy se tak stala nejen masovost, ale tak\u00e9 v\u00fdkonnost, kter\u00e1 by p\u0159edur\u010dovala absolventy sportovn\u00edch t\u0159\u00edd k reprezentaci na\u0161\u00ed vlasti na mistrovstv\u00edch Evropy, sv\u011bta, p\u0159\u00edpadn\u011b i olympijsk\u00fdch hr\u00e1ch.<br \/>\nV\u00fdborn\u00e9 podm\u00ednky pro sport a tedy i h\u00e1zenou ve \u0161kole jsou zaji\u0161t\u011bny d\u00edky spolupr\u00e1ci Z\u0160 s M\u011bstsk\u00fdm \u00fa\u0159adem v Zub\u0159\u00ed&nbsp;&nbsp;&nbsp; a HC Zub\u0159\u00ed. O tom, \u017ee na\u0161i \u017e\u00e1ci vzorn\u011b reprezentuj\u00ed m\u011bsto Zub\u0159\u00ed, h\u00e1zenk\u00e1\u0159sk\u00fd klub a tedy i na\u0161i Z\u0160, sv\u011bd\u010d\u00ed mno\u017estv\u00ed vynikaj\u00edc\u00edch v\u00fdsledk\u016f posledn\u00edho obdob\u00ed. \u017d\u00e1ci 6.a 7.ro\u010dn\u00edku nav\u00e1zali na vynikaj\u00edc\u00ed v\u00fdsledky sv\u00fdch p\u0159edch\u016fdc\u016f, kdy\u017e tradi\u010dn\u00ed celorepublikovou sout\u011b\u017e O NOVIN\u00c1\u0158SK\u00dd KALAM\u00c1\u0158 \u2013 \u0160KOLSK\u00dd POH\u00c1R v letech 20174,2015, 2016 a 2017 vyhr\u00e1li.<\/p>\n<p>\u017d\u00e1ci 8.a 9. ro\u010dn\u00edku vyhr\u00e1li v&nbsp;roce 2019 n\u00e1rodn\u00ed fin\u00e1le O POH\u00c1R MINISTRA \u0160KOLSTV\u00cd \u010cR.<\/p>\n<p>Dal\u0161\u00edch skv\u011bl\u00fdch v\u00fdsledk\u016f dos\u00e1hli \u017e\u00e1ci nebo absolventi na\u0161\u00ed \u0161koly v dresu&nbsp; HC Zub\u0159\u00ed. Star\u0161\u00ed \u017e\u00e1ci vyhr\u00e1li \u017d\u00e1kovskou ligu \u010cR v&nbsp;roce 2017, mlad\u0161\u00ed dorostenci z\u00edskali titul mistra \u010cR v&nbsp;letech 2016 a 2019, star\u0161\u00ed dorostenci v&nbsp;letech 2017 a 2018. Ob\u011b kategorie z\u00edskaly do sv\u00e9ho dr\u017een\u00ed v&nbsp;letech 2015,2016, 2017,2018 a 2019 i preti\u017en\u00ed sout\u011b\u017e \u010cESKOSLOVENSK\u00dd POH\u00c1R.<\/p>\n<p>\u00dasp\u011b\u0161n\u00ed byli na\u0161i \u017e\u00e1ci i na mezin\u00e1rodn\u00edch turnaj\u00edch . V&nbsp;letech 2015 a\u017e 2O20 vyhr\u00e1li turnaje ve francouzsk\u00e9m Nantes, ma\u010farsk\u00e9m Balatonfured \u010di v&nbsp;Plzni..<\/p>\n<p>Nejv\u00fdznam\u011bj\u0161\u00edm sportovn\u00edm v\u00fdsledkem je v\u0161ak skute\u010dnost, \u017ee odchovanci Z\u0160 a zubersk\u00e9ho h\u00e1zenk\u00e1\u0159sk\u00e9ho klubu pravideln\u011b reprezentuj\u00ed \u010cR na mistrovstv\u00edch sv\u011bta a Evropy jak v&nbsp;kategori\u00edch ml\u00e1de\u017enick\u00fdch, tak i dosp\u011bl\u00fdch. Do u\u017e\u0161\u00edho k\u00e1dru \u010desk\u00e9 mu\u017esk\u00e9 reprezentace pat\u0159\u00ed nebo pat\u0159ili p\u0159edev\u0161\u00edm Jakub Hrstka, Tom\u00e1\u0161 \u010c\u00edp, Miroslav Jurka, Tom\u00e1\u0161 \u0158ezn\u00ed\u010dek, Pavel Mi\u010dkal, \u0160t\u011bp\u00e1n Zeman\u2026<\/p>\n<p>Jsme r\u00e1di, \u017ee se pr\u00e1ce s&nbsp;ml\u00e1de\u017e\u00ed na na\u0161\u00ed \u0161kole da\u0159\u00ed. Bez \u00fazk\u00e9 spolupr\u00e1ce Z\u0160, HC Zub\u0159\u00ed a hlavn\u011b M\u011b\u00da Zub\u0159\u00ed by v\u0161ak tyto \u00fasp\u011bchy nebyly mo\u017en\u00e9. Doufejme, \u017ee i sou\u010dasn\u00e1 generace \u017e\u00e1k\u016f bude podobn\u011b \u00fasp\u011b\u0161n\u00e1 !<\/p>\n<p>Absolventi na\u0161\u00ed \u0161koly, kte\u0159\u00ed reprezentovali \u010ceskou republiku:<br \/>\nJakub KULI\u0160\u0164\u00c1K &#8211; b\u00fdval\u00fd reprezentant \u010cR do 21 let ( \u00fa\u010dast na ME junior\u016f v Polsku v roce 2002)<br \/>\nZden\u011bk KRPEL\u00cdK &#8211; b\u00fdval\u00fd reprezentant \u010cR do 21 let ( \u00fa\u010dast na ME junior\u016f v Polsku v roce 2002)<br \/>\nTom\u00e1\u0161 \u0158EZN\u00cd\u010cEK &#8211; reprezentant \u010cR do 21 let ( \u00fa\u010dast na ME junior\u016f v Polsku v roce 2002)<br \/>\nPavel MI\u010cKAL &#8211; reprezentant \u010cR do 21 let ( \u00fa\u010dast na ME junior\u016f v Loty\u0161sku v roce 2004)<br \/>\nTom\u00e1\u0161 \u0158\u00cdHA &#8211; reprezentant \u010cR do 21 let ( \u00fa\u010dast na ME junior\u016f v Loty\u0161sku v roce 2004)<br \/>\n\u0160t\u011bp\u00e1n RAND\u00ddSEK &#8211; reprezentant \u010cR do 21 let ( \u00fa\u010dast na ME junior\u016f v Loty\u0161sku v roce 2004)<br \/>\nSvatopluk PERNICA &#8211; reprezentant \u010cR do 21 let ( \u00fa\u010dast na ME junior\u016f v Loty\u0161sku v roce 2004)<br \/>\nMartin HRSTKA &#8211; reprezentant \u010cR do 21 let ( \u00fa\u010dast na ME junior\u016f v Loty\u0161sku v roce 2004)<br \/>\nTom\u00e1\u0161 BECHN\u00dd &#8211; reprezentant \u010cR do 21 let ( \u00fa\u010dast na ME junior\u016f v Loty\u0161sku v roce 2004)<\/p>\n<p>SPOLUPR\u00c1CE S HC ZUB\u0158\u00cd &#8211; <a href=\"http:\/\/www.zszubri.cz\/wp-content\/uploads\/2019\/03\/randlisthc.pdf\">zde<\/a><\/p>\n<p>V\u00edce aktu\u00e1ln\u00edch informac\u00ed naleznete <a href=\"http:\/\/www.hczubri.cz\/mladez\" target=\"_blank\" rel=\"noopener\">zde.<\/a><\/p>\n<p>V\u00edce informac\u00ed popisuj\u00edc\u00edch rozsah a zp\u016fsob v\u00fduky <a title=\"\u0160VP\" href=\"http:\/\/www.zszubri.cz\/?page_id=172\">naleznete zde.<\/a><\/p>\n<p><strong>MODERN\u00cd GYMNASTIKA<\/strong><\/p>\n<p>Modern\u00ed gymnastika se v Zub\u0159\u00ed za\u010dala cvi\u010dit ji\u017e p\u0159ed v\u00edce ne\u017e 30 lety. Zakladatelkou odd\u00edlu byla Mgr. Jana Mikulenkov\u00e1 &#8211; u\u010ditelka na 2. stupni na\u0161\u00ed \u0161koly.Ji\u017e od po\u010d\u00e1tku spolupracuje odd\u00edl modern\u00ed gymnastiky se z\u00e1kladn\u00ed \u0161kolou. B\u011bhem t\u00e9to doby j\u00edm pro\u0161lo mnoho \u00fasp\u011b\u0161n\u00fdch gymnastek &#8211; \u017e\u00e1kyn\u00ed na\u0161\u00ed Z\u0160. P\u0159i vytv\u00e1\u0159en\u00ed sportovn\u00edch t\u0159\u00edd tvo\u0159\u00ed gymnastky d\u00edv\u010d\u00ed \u010d\u00e1st t\u00e9to t\u0159\u00eddy (chlapeckou \u010d\u00e1st zase h\u00e1zenk\u00e1\u0159i). D\u011bv\u010data maj\u00ed mno\u017enost nav\u0161t\u011bvovat nepovinn\u00fd p\u0159edm\u011bt pohybov\u00e9 hry &#8211; zam\u011b\u0159en\u00fd na modern\u00ed gymnastiku. V hodin\u00e1ch se p\u0159ipravuj\u00ed na sout\u011b\u017ee a tane\u010dn\u00ed vystoupen\u00ed. Na to pak navazuj\u00ed hlavn\u00ed tr\u00e9ninky pod veden\u00edm kvalifikovan\u00fdch tren\u00e9rek MG.D\u011bv\u010data jsou rozd\u011blena podle v\u011bku a v\u00fdkonnosti na n\u011bkolik kategori\u00ed:<br \/>\nVOLN\u00dd PROGRAM<br \/>\nnad\u011bje nejmlad\u0161\u00ed 1.+ 2. t\u0159\u00edda<br \/>\nnad\u011bje mlad\u0161\u00ed 3.+ 4. t\u0159\u00edda<br \/>\nnad\u011bje star\u0161\u00ed 5.+ 6. t\u0159\u00edda<br \/>\nSout\u011b\u017e\u00ed se ve voln\u00fdch sestav\u00e1ch a tyto jsou nejvy\u0161\u0161\u00edmi sout\u011b\u017eemi v republice.<\/p>\n<p><strong>POVINN\u00dd PROGRAM<\/strong><br \/>\nIII. VTp 1. &#8211; 3. t\u0159\u00edda<br \/>\nII. VTp 4. &#8211; 6. t\u0159\u00edda<br \/>\nI. VTp 7. t\u0159\u00edda<\/p>\n<p><strong>Z\u00c1JMOV\u00c1 GYMNASTIKA<\/strong><br \/>\nZde se d\u011bv\u010data zam\u011b\u0159uj\u00ed na tane\u010dn\u00ed pr\u016fpravu, p\u0159ipravuj\u00ed tane\u010dn\u00ed vystoupen\u00ed a n\u011bkter\u00e9 sout\u011b\u017e\u00ed v z\u00e1kladn\u00edm programu. Jedn\u00e1 se vlastn\u011b o &#8222;cvi\u010den\u00ed pro radost&#8220;.Ve spolupr\u00e1ci se \u0161kolou jsou po\u0159\u00e1d\u00e1ny v\u0161echny odd\u00edlov\u00e9 p\u0159ebory a nejlep\u0161\u00ed \u017e\u00e1kyn\u011b reprezentuj\u00ed Zub\u0159\u00ed na oblastn\u00edch a poh\u00e1rov\u00fdch sout\u011b\u017e\u00edch v cel\u00e9 republice. Nem\u016f\u017eeme opomenout ani tane\u010dn\u00ed vystoupen\u00ed p\u0159i ka\u017ed\u00e9m \u0161koln\u00edm plese a p\u0159i nejr\u016fzn\u011bj\u0161\u00edch sportovn\u00edch i kulturn\u00edch p\u0159\u00edle\u017eitostech.<\/p>\n<p>V\u00edce aktu\u00e1ln\u00edch informac\u00ed naleznete <a href=\"http:\/\/mgzubri.webnode.cz\" target=\"_blank\" rel=\"noopener\">zde.<\/a><\/p>\n<p>V\u00edce informac\u00ed popisuj\u00edc\u00edch rozsah a zp\u016fsob v\u00fduky <a title=\"\u0160VP\" href=\"http:\/\/www.zszubri.cz\/?page_id=172\">naleznete zde.<\/a><\/p>\n","protected":false},"excerpt":{"rendered":"<p>H\u00c1ZEN\u00c1 V polovin\u011b 90.let byla na\u0161e z\u00e1kladn\u00ed \u0161kola (spolu se Z\u0160 z Ro\u017enova pod Radho\u0161t\u011bm, Vala\u0161sk\u00e9ho Mezi\u0159\u00ed\u010d\u00ed a Vset\u00edna) spoluzakladatelem projektu TALENT H\u00c1ZEN\u00c1, kter\u00fd m\u011bl za c\u00edl roz\u0161\u00ed\u0159it \u010dlenskou z\u00e1kladnu h\u00e1zen\u00e9 na Vala\u0161sku. V\u017edy\u0165 h\u00e1zen\u00e1 v tomto regionu byla a je tradi\u010dn\u011b velmi popul\u00e1rn\u00ed. V letech 1997, 1998 a 2012 se mu\u017estvo HC ZUB\u0158\u00cd stalo dokonce t\u0159ikr\u00e1t mistrem \u010cesk\u00e9 republiky. Av\u0161ak i sportovn\u00ed v\u00fdsledky na\u0161ich mlad\u00fdch \u017e\u00e1k\u016f \u2013 h\u00e1zenk\u00e1\u0159\u016f, reprezentuj\u00edc\u00edch Zub\u0159\u00ed, byly natolik dobr\u00e9, \u017ee \u010cesk\u00fd svaz h\u00e1zen\u00e9 za\u010dlenil na\u0161i Z\u0160 do syst\u00e9mu sportovn\u00edch \u0161kol \u010cR. C\u00edlem sportovn\u00ed v\u00fdchovy a p\u0159\u00edpravy se tak stala nejen masovost, ale tak\u00e9 v\u00fdkonnost, kter\u00e1 by p\u0159edur\u010dovala absolventy sportovn\u00edch t\u0159\u00edd k reprezentaci na\u0161\u00ed vlasti na mistrovstv\u00edch Evropy, sv\u011bta, p\u0159\u00edpadn\u011b i olympijsk\u00fdch hr\u00e1ch. V\u00fdborn\u00e9 podm\u00ednky pro sport a tedy i h\u00e1zenou ve \u0161kole jsou zaji\u0161t\u011bny d\u00edky spolupr\u00e1ci Z\u0160 s M\u011bstsk\u00fdm \u00fa\u0159adem v Zub\u0159\u00ed&nbsp;&nbsp;&nbsp; a HC Zub\u0159\u00ed. O tom, \u017ee na\u0161i \u017e\u00e1ci vzorn\u011b reprezentuj\u00ed m\u011bsto Zub\u0159\u00ed, h\u00e1zenk\u00e1\u0159sk\u00fd klub a tedy i na\u0161i Z\u0160, sv\u011bd\u010d\u00ed mno\u017estv\u00ed vynikaj\u00edc\u00edch v\u00fdsledk\u016f posledn\u00edho obdob\u00ed. \u017d\u00e1ci 6.a 7.ro\u010dn\u00edku nav\u00e1zali na vynikaj\u00edc\u00ed v\u00fdsledky sv\u00fdch p\u0159edch\u016fdc\u016f, kdy\u017e tradi\u010dn\u00ed celorepublikovou sout\u011b\u017e O NOVIN\u00c1\u0158SK\u00dd KALAM\u00c1\u0158 \u2013 \u0160KOLSK\u00dd POH\u00c1R v letech 20174,2015, 2016 a 2017 vyhr\u00e1li. \u017d\u00e1ci 8.a 9. ro\u010dn\u00edku vyhr\u00e1li v&nbsp;roce 2019 n\u00e1rodn\u00ed fin\u00e1le O POH\u00c1R MINISTRA \u0160KOLSTV\u00cd \u010cR. Dal\u0161\u00edch skv\u011bl\u00fdch v\u00fdsledk\u016f dos\u00e1hli \u017e\u00e1ci nebo absolventi na\u0161\u00ed \u0161koly v dresu&nbsp; HC Zub\u0159\u00ed. Star\u0161\u00ed \u017e\u00e1ci vyhr\u00e1li \u017d\u00e1kovskou ligu \u010cR v&nbsp;roce 2017, mlad\u0161\u00ed dorostenci z\u00edskali titul mistra \u010cR v&nbsp;letech 2016 a 2019, star\u0161\u00ed dorostenci v&nbsp;letech 2017 a 2018. Ob\u011b kategorie z\u00edskaly do sv\u00e9ho dr\u017een\u00ed v&nbsp;letech 2015,2016, 2017,2018 a 2019 i preti\u017en\u00ed sout\u011b\u017e \u010cESKOSLOVENSK\u00dd POH\u00c1R. \u00dasp\u011b\u0161n\u00ed byli na\u0161i \u017e\u00e1ci i na mezin\u00e1rodn\u00edch turnaj\u00edch . V&nbsp;letech 2015 a\u017e 2O20 vyhr\u00e1li turnaje ve francouzsk\u00e9m Nantes, ma\u010farsk\u00e9m Balatonfured \u010di v&nbsp;Plzni.. Nejv\u00fdznam\u011bj\u0161\u00edm sportovn\u00edm v\u00fdsledkem je v\u0161ak skute\u010dnost, \u017ee odchovanci Z\u0160 a zubersk\u00e9ho h\u00e1zenk\u00e1\u0159sk\u00e9ho klubu pravideln\u011b reprezentuj\u00ed \u010cR na mistrovstv\u00edch sv\u011bta a Evropy jak v&nbsp;kategori\u00edch ml\u00e1de\u017enick\u00fdch, tak i dosp\u011bl\u00fdch. Do u\u017e\u0161\u00edho k\u00e1dru \u010desk\u00e9 mu\u017esk\u00e9 reprezentace pat\u0159\u00ed nebo pat\u0159ili p\u0159edev\u0161\u00edm Jakub Hrstka, Tom\u00e1\u0161 \u010c\u00edp, Miroslav Jurka, Tom\u00e1\u0161 \u0158ezn\u00ed\u010dek, Pavel Mi\u010dkal, \u0160t\u011bp\u00e1n Zeman\u2026 Jsme r\u00e1di, \u017ee se pr\u00e1ce s&nbsp;ml\u00e1de\u017e\u00ed na na\u0161\u00ed \u0161kole da\u0159\u00ed. Bez \u00fazk\u00e9 spolupr\u00e1ce Z\u0160, HC Zub\u0159\u00ed a hlavn\u011b M\u011b\u00da Zub\u0159\u00ed by v\u0161ak tyto \u00fasp\u011bchy nebyly mo\u017en\u00e9. Doufejme, \u017ee i sou\u010dasn\u00e1 generace \u017e\u00e1k\u016f bude podobn\u011b \u00fasp\u011b\u0161n\u00e1 ! Absolventi na\u0161\u00ed \u0161koly, kte\u0159\u00ed reprezentovali \u010ceskou republiku: Jakub KULI\u0160\u0164\u00c1K &#8211; b\u00fdval\u00fd reprezentant \u010cR do 21 let ( \u00fa\u010dast na ME junior\u016f v Polsku v roce 2002) Zden\u011bk KRPEL\u00cdK &#8211; b\u00fdval\u00fd reprezentant \u010cR do 21 let ( \u00fa\u010dast na ME junior\u016f v Polsku v roce 2002) Tom\u00e1\u0161 \u0158EZN\u00cd\u010cEK &#8211; reprezentant \u010cR do 21 let ( \u00fa\u010dast na ME junior\u016f v Polsku v roce 2002) Pavel MI\u010cKAL &#8211; reprezentant \u010cR do 21 let ( \u00fa\u010dast na ME junior\u016f v Loty\u0161sku v roce 2004) Tom\u00e1\u0161 \u0158\u00cdHA &#8211; reprezentant \u010cR do 21 let ( \u00fa\u010dast na ME junior\u016f v Loty\u0161sku v roce 2004) \u0160t\u011bp\u00e1n RAND\u00ddSEK &#8211; reprezentant \u010cR do 21 let ( \u00fa\u010dast na ME junior\u016f v Loty\u0161sku v roce 2004) Svatopluk PERNICA &#8211; reprezentant \u010cR do 21 let ( \u00fa\u010dast na ME junior\u016f v Loty\u0161sku v roce 2004) Martin HRSTKA &#8211; reprezentant \u010cR do 21 let ( \u00fa\u010dast na ME junior\u016f v Loty\u0161sku v roce 2004) Tom\u00e1\u0161 BECHN\u00dd &#8211; reprezentant \u010cR do 21 let ( \u00fa\u010dast na ME junior\u016f v Loty\u0161sku v roce 2004) SPOLUPR\u00c1CE S HC ZUB\u0158\u00cd &#8211; zde V\u00edce aktu\u00e1ln\u00edch informac\u00ed naleznete zde. V\u00edce informac\u00ed popisuj\u00edc\u00edch rozsah a zp\u016fsob v\u00fduky naleznete zde. MODERN\u00cd GYMNASTIKA Modern\u00ed gymnastika se v Zub\u0159\u00ed za\u010dala cvi\u010dit ji\u017e p\u0159ed v\u00edce ne\u017e 30 lety. Zakladatelkou odd\u00edlu byla Mgr. Jana Mikulenkov\u00e1 &#8211; u\u010ditelka na 2. stupni na\u0161\u00ed \u0161koly.Ji\u017e od po\u010d\u00e1tku spolupracuje odd\u00edl modern\u00ed gymnastiky se z\u00e1kladn\u00ed \u0161kolou. B\u011bhem t\u00e9to doby j\u00edm pro\u0161lo mnoho \u00fasp\u011b\u0161n\u00fdch gymnastek &#8211; \u017e\u00e1kyn\u00ed na\u0161\u00ed Z\u0160. P\u0159i vytv\u00e1\u0159en\u00ed sportovn\u00edch t\u0159\u00edd tvo\u0159\u00ed gymnastky d\u00edv\u010d\u00ed \u010d\u00e1st t\u00e9to t\u0159\u00eddy (chlapeckou \u010d\u00e1st zase h\u00e1zenk\u00e1\u0159i). D\u011bv\u010data maj\u00ed mno\u017enost nav\u0161t\u011bvovat nepovinn\u00fd p\u0159edm\u011bt pohybov\u00e9 hry &#8211; zam\u011b\u0159en\u00fd na modern\u00ed gymnastiku. V hodin\u00e1ch se p\u0159ipravuj\u00ed na sout\u011b\u017ee a tane\u010dn\u00ed vystoupen\u00ed. Na to pak navazuj\u00ed hlavn\u00ed tr\u00e9ninky pod veden\u00edm kvalifikovan\u00fdch tren\u00e9rek MG.D\u011bv\u010data jsou rozd\u011blena podle v\u011bku a v\u00fdkonnosti na n\u011bkolik kategori\u00ed: VOLN\u00dd PROGRAM nad\u011bje nejmlad\u0161\u00ed 1.+ 2. t\u0159\u00edda nad\u011bje mlad\u0161\u00ed 3.+ 4. t\u0159\u00edda nad\u011bje star\u0161\u00ed 5.+ 6. t\u0159\u00edda Sout\u011b\u017e\u00ed se ve voln\u00fdch sestav\u00e1ch a tyto jsou nejvy\u0161\u0161\u00edmi sout\u011b\u017eemi v republice. POVINN\u00dd PROGRAM III. VTp 1. &#8211; 3. t\u0159\u00edda II. VTp 4. &#8211; 6. t\u0159\u00edda I. VTp 7. t\u0159\u00edda Z\u00c1JMOV\u00c1 GYMNASTIKA Zde se d\u011bv\u010data zam\u011b\u0159uj\u00ed na tane\u010dn\u00ed pr\u016fpravu, p\u0159ipravuj\u00ed tane\u010dn\u00ed vystoupen\u00ed a n\u011bkter\u00e9 sout\u011b\u017e\u00ed v z\u00e1kladn\u00edm programu. Jedn\u00e1 se vlastn\u011b o &#8222;cvi\u010den\u00ed pro radost&#8220;.Ve spolupr\u00e1ci se \u0161kolou jsou po\u0159\u00e1d\u00e1ny v\u0161echny odd\u00edlov\u00e9 p\u0159ebory a nejlep\u0161\u00ed \u017e\u00e1kyn\u011b reprezentuj\u00ed Zub\u0159\u00ed na oblastn\u00edch a poh\u00e1rov\u00fdch sout\u011b\u017e\u00edch v cel\u00e9 republice. Nem\u016f\u017eeme opomenout ani tane\u010dn\u00ed vystoupen\u00ed p\u0159i ka\u017ed\u00e9m \u0161koln\u00edm plese a p\u0159i nejr\u016fzn\u011bj\u0161\u00edch sportovn\u00edch i kulturn\u00edch p\u0159\u00edle\u017eitostech. V\u00edce aktu\u00e1ln\u00edch informac\u00ed naleznete zde. V\u00edce informac\u00ed popisuj\u00edc\u00edch rozsah a zp\u016fsob v\u00fduky naleznete zde.<\/p>\n","protected":false},"author":1,"featured_media":0,"parent":30,"menu_order":0,"comment_status":"closed","ping_status":"closed","template":"","meta":{"ngg_post_thumbnail":0,"footnotes":""},"acf":[],"_links":{"self":[{"href":"https:\/\/www.zszubri.cz\/index.php?rest_route=\/wp\/v2\/pages\/80"}],"collection":[{"href":"https:\/\/www.zszubri.cz\/index.php?rest_route=\/wp\/v2\/pages"}],"about":[{"href":"https:\/\/www.zszubri.cz\/index.php?rest_route=\/wp\/v2\/types\/page"}],"author":[{"embeddable":true,"href":"https:\/\/www.zszubri.cz\/index.php?rest_route=\/wp\/v2\/users\/1"}],"replies":[{"embeddable":true,"href":"https:\/\/www.zszubri.cz\/index.php?rest_route=%2Fwp%2Fv2%2Fcomments&post=80"}],"version-history":[{"count":6,"href":"https:\/\/www.zszubri.cz\/index.php?rest_route=\/wp\/v2\/pages\/80\/revisions"}],"predecessor-version":[{"id":18817,"href":"https:\/\/www.zszubri.cz\/index.php?rest_route=\/wp\/v2\/pages\/80\/revisions\/18817"}],"up":[{"embeddable":true,"href":"https:\/\/www.zszubri.cz\/index.php?rest_route=\/wp\/v2\/pages\/30"}],"wp:attachment":[{"href":"https:\/\/www.zszubri.cz\/index.php?rest_route=%2Fwp%2Fv2%2Fmedia&parent=80"}],"curies":[{"name":"wp","href":"https:\/\/api.w.org\/{rel}","templated":true}]}}